{"id":233,"date":"2022-05-23T12:59:31","date_gmt":"2022-05-23T11:59:31","guid":{"rendered":"https:\/\/bukszoc.hsro.hu\/?page_id=233"},"modified":"2026-04-27T09:50:48","modified_gmt":"2026-04-27T08:50:48","slug":"gazdalkodasi-adatok","status":"publish","type":"page","link":"https:\/\/bukszocialis.hu\/?page_id=233","title":{"rendered":"III. Gazd\u00e1lkod\u00e1si adatok"},"content":{"rendered":"\n<h2 class=\"wp-block-heading\">3.1 A m\u0171k\u00f6d\u00e9s t\u00f6rv\u00e9nyess\u00e9ge, ellen\u0151rz\u00e9sek<\/h2>\n\n\n\n<h3 class=\"wp-block-heading\">Vizsg\u00e1latok, ellen\u0151rz\u00e9sek list\u00e1ja<\/h3>\n\n\n\n<p>A lefolytatott ellen\u0151rz\u00e9sek az <a href=\"http:\/\/www.asz.hu\">\u00c1llami Sz\u00e1mvev\u0151sz\u00e9k<\/a> weboldal\u00e1n tal\u00e1lhat\u00f3ak meg.<\/p>\n\n\n\n<h3 class=\"wp-block-heading\">A m\u0171k\u00f6d\u00e9s eredm\u00e9nyess\u00e9ge, teljes\u00edtm\u00e9nye<\/h3>\n\n\n\n<p>Nem relev\u00e1ns.<\/p>\n\n\n\n<h3 class=\"wp-block-heading\">M\u0171k\u00f6d\u00e9si statisztika<\/h3>\n\n\n\n<p class=\"margin-bottom-zero\">2020-as \u00e9v:<\/p>\n\n\n\n<ul class=\"wp-block-list\">\n<li><a href=\"\/?wpdmpro=kimutatas-a-tartos-bentlakasos-es-atmeneti-elhelyezest-nyujto-intezmenyek-mukodesi-adatairol-2\">Kimutat\u00e1s a tart\u00f3s bentlak\u00e1sos \u00e9s \u00e1tmeneti elhelyez\u00e9st ny\u00fajt\u00f3 int\u00e9zm\u00e9nyek m\u0171k\u00f6d\u00e9si adatair\u00f3l (2020)<\/a><\/li>\n\n\n\n<li><a href=\"\/?wpdmpro=kimutatas-egyes-szocialis-alapszolgaltatasokrol-nappali-ellatast-valamint-fejleszto-foglalkozast-nyujto-intezmenyek-adatairol\">Kimutat\u00e1s egyes szoci\u00e1lis alapszolg\u00e1ltat\u00e1sokr\u00f3l, nappali ell\u00e1t\u00e1st, valamint fejleszt\u0151 foglalkoz\u00e1st ny\u00fajt\u00f3 int\u00e9zm\u00e9nyek adatair\u00f3l (2020)<\/a><\/li>\n\n\n\n<li><a href=\"\/?wpdmpro=kerdoiv-a-szocialis-szolgaltatasokrol-es-gyermekellatasokrol\">K\u00e9rd\u0151\u00edv a szoci\u00e1lis szolg\u00e1ltat\u00e1sokr\u00f3l \u00e9s gyermekell\u00e1t\u00e1sokr\u00f3l (2020)<\/a><\/li>\n<\/ul>\n\n\n\n<p class=\"margin-bottom-zero\">2021-es \u00e9v:<\/p>\n\n\n\n<ul class=\"wp-block-list\">\n<li><a href=\"\/?wpdmpro=kimutatas-a-tartos-bentlakasos-es-atmeneti-elhelyezest-nyujto-intezmenyek-mukodesi-adatairol-2\">Kimutat\u00e1s a tart\u00f3s bentlak\u00e1sos \u00e9s \u00e1tmeneti elhelyez\u00e9st ny\u00fajt\u00f3 int\u00e9zm\u00e9nyek m\u0171k\u00f6d\u00e9si adatair\u00f3l (2021)<\/a><\/li>\n\n\n\n<li><a data-type=\"URL\" data-id=\"\/?wpdmpro=kimutatas-egyes-szocialis-alapszolgaltatasokrol-nappali-ellatast-valamint-fejleszto-foglalkozast-nyujto-intezmenyek-adatairol-2\" href=\"\/?wpdmpro=kimutatas-egyes-szocialis-alapszolgaltatasokrol-nappali-ellatast-valamint-fejleszto-foglalkozast-nyujto-intezmenyek-adatairol-2\">Kimutat\u00e1s egyes szoci\u00e1lis alapszolg\u00e1ltat\u00e1sokr\u00f3l, nappali ell\u00e1t\u00e1st, valamint fejleszt\u0151 foglalkoz\u00e1st ny\u00fajt\u00f3 int\u00e9zm\u00e9nyek adatair\u00f3l (2021)<\/a><\/li>\n<\/ul>\n\n\n\n<p class=\"margin-bottom-zero\">2022-es \u00e9v:<\/p>\n\n\n\n<ul class=\"wp-block-list\">\n<li><a href=\"https:\/\/bukszocialis.hu\/?wpdmpro=2023-evi-kimutatas-a-tartos-bentlakasos-es-atmeneti-elhelyezest-nyujto-intezmenyek-mukodesi-adatairol\">Kimutat\u00e1s a tart\u00f3s bentlak\u00e1sos \u00e9s \u00e1tmeneti elhelyez\u00e9st ny\u00fajt\u00f3 int\u00e9zm\u00e9nyek m\u0171k\u00f6d\u00e9si adatair\u00f3l (2022)<\/a><\/li>\n\n\n\n<li><a href=\"https:\/\/bukszocialis.hu\/?wpdmpro=2023-evi-kimutatas-egyes-szocialis-alapszolgaltatasokrol-nappali-ellatast-valamint-fejleszto-foglalkozast-nyujto-intezmenyek-adatairol\">Kimutat\u00e1s egyes szoci\u00e1lis alapszolg\u00e1ltat\u00e1sokr\u00f3l, nappali ell\u00e1t\u00e1st, valamint fejleszt\u0151 foglalkoz\u00e1st ny\u00fajt\u00f3 int\u00e9zm\u00e9nyek adatair\u00f3l (2022)<\/a><\/li>\n<\/ul>\n\n\n\n<p class=\"margin-bottom-zero\">2023-as \u00e9v:<\/p>\n\n\n\n<ul class=\"wp-block-list\">\n<li><a href=\"https:\/\/bukszocialis.hu\/?wpdmpro=2023-evi-kimutatas-a-tartos-bentlakasos-es-atmeneti-elhelyezest-nyujto-intezmenyek-mukodesi-adatairol-2\">Kimutat\u00e1s a tart\u00f3s bentlak\u00e1sos \u00e9s \u00e1tmeneti elhelyez\u00e9st ny\u00fajt\u00f3 int\u00e9zm\u00e9nyek m\u0171k\u00f6d\u00e9si adatair\u00f3l (2023)<\/a><\/li>\n\n\n\n<li><a href=\"https:\/\/bukszocialis.hu\/?wpdmpro=2023-evi-kimutatas-egyes-szocialis-alapszolgaltatasokrol-nappali-ellatast-valamint-fejleszto-foglalkozast-nyujto-intezmenyek-adatairol-2\">Kimutat\u00e1s egyes szoci\u00e1lis alapszolg\u00e1ltat\u00e1sokr\u00f3l, nappali ell\u00e1t\u00e1st, valamint fejleszt\u0151 foglalkoz\u00e1st ny\u00fajt\u00f3 int\u00e9zm\u00e9nyek adatair\u00f3l (2023)<\/a><\/li>\n<\/ul>\n\n\n\n<p class=\"margin-bottom-zero\">2024-es \u00e9v:<\/p>\n\n\n\n<ul class=\"wp-block-list\">\n<li><a href=\"https:\/\/bukszocialis.hu\/?wpdmpro=2024-evi-kimutatas-a-tartos-bentlakasos-es-atmeneti-elhelyezest-nyujto-intezmenyek-mukodesi-adatairol\">Kimutat\u00e1s a tart\u00f3s bentlak\u00e1sos \u00e9s \u00e1tmeneti elhelyez\u00e9st ny\u00fajt\u00f3 int\u00e9zm\u00e9nyek m\u0171k\u00f6d\u00e9si adatair\u00f3l (2024)<\/a><\/li>\n\n\n\n<li><a href=\"https:\/\/bukszocialis.hu\/?wpdmpro=2024-evi-kimutatas-egyes-szocialis-alapszolgaltatasokrol-nappali-ellatast-valamint-fejleszto-foglalkozast-nyujto-intezmenyek-adatairol\">Kimutat\u00e1s egyes szoci\u00e1lis alapszolg\u00e1ltat\u00e1sokr\u00f3l, nappali ell\u00e1t\u00e1st, valamint fejleszt\u0151 foglalkoz\u00e1st ny\u00fajt\u00f3 int\u00e9zm\u00e9nyek adatair\u00f3l (2024)<\/a><\/li>\n<\/ul>\n\n\n\n<h2 class=\"wp-block-heading\">3.2 K\u00f6lts\u00e9gvet\u00e9sek, besz\u00e1mol\u00f3k<\/h2>\n\n\n\n<h3 class=\"wp-block-heading\">\u00c9ves k\u00f6lts\u00e9gvet\u00e9sek<\/h3>\n\n\n\n<ul class=\"wp-block-list\">\n<li><a href=\"https:\/\/or.njt.hu\/eli\/733766\/r\/2019\/3\">2019. \u00e9vi elemi k\u00f6lts\u00e9gvet\u00e9s<\/a><\/li>\n\n\n\n<li><a href=\"https:\/\/or.njt.hu\/eli\/733766\/r\/2020\/2\">2020. \u00e9vi elemi k\u00f6lts\u00e9gvet\u00e9s<\/a><\/li>\n\n\n\n<li><a href=\"https:\/\/or.njt.hu\/eli\/733766\/r\/2021\/2\">2021. \u00e9vi elemi k\u00f6lts\u00e9gvet\u00e9s<\/a><\/li>\n\n\n\n<li><a href=\"https:\/\/or.njt.hu\/eli\/733766\/r\/2022\/2\">2022. \u00e9vi elemi k\u00f6lts\u00e9gvet\u00e9s<\/a><\/li>\n\n\n\n<li><a href=\"https:\/\/or.njt.hu\/eli\/733766\/r\/2023\/3\">2023. \u00e9vi elemi k\u00f6lts\u00e9gvet\u00e9s<\/a><\/li>\n\n\n\n<li><a href=\"https:\/\/or.njt.hu\/eli\/733766\/r\/2024\/3\">2024. \u00e9vi elemi k\u00f6lts\u00e9gvet\u00e9s<\/a><\/li>\n\n\n\n<li><a href=\"https:\/\/or.njt.hu\/eli\/733766\/r\/2025\/1\">2025. \u00e9vi elemi k\u00f6lts\u00e9gvet\u00e9s<\/a><\/li>\n\n\n\n<li><a href=\"https:\/\/or.njt.hu\/eli\/733766\/r\/2026\/3\">2026. \u00e9vi elemi k\u00f6lts\u00e9gvet\u00e9s<\/a><\/li>\n<\/ul>\n\n\n\n<h3 class=\"wp-block-heading\">Sz\u00e1mviteli besz\u00e1mol\u00f3k<\/h3>\n\n\n\n<ul class=\"wp-block-list\">\n<li><a data-type=\"URL\" data-id=\"\/?wpdmpro=2021-es-beszamolo\" href=\"\/?wpdmpro=2021-es-beszamolo\">2021. \u00e9vi besz\u00e1mol\u00f3<\/a><\/li>\n\n\n\n<li><a href=\"\/?wpdmpro=2022-evi-beszamolo\">2022. \u00e9vi besz\u00e1mol\u00f3<\/a><\/li>\n\n\n\n<li><a href=\"https:\/\/bukszocialis.hu\/?wpdmpro=2023-evi-beszamolo\">2023. \u00e9vi besz\u00e1mol\u00f3<\/a><\/li>\n\n\n\n<li><a href=\"https:\/\/bukszocialis.hu\/?wpdmpro=2024-evi-beszamolo\">2024. \u00e9vi besz\u00e1mol\u00f3<\/a><\/li>\n<\/ul>\n\n\n\n<h3 class=\"wp-block-heading\">Z\u00e1rsz\u00e1mad\u00e1sok<\/h3>\n\n\n\n<ul class=\"wp-block-list\">\n<li><a href=\"https:\/\/or.njt.hu\/eli\/733766\/r\/2020\/5\">2019. \u00e9vi z\u00e1rsz\u00e1mad\u00e1s<\/a><\/li>\n\n\n\n<li><a href=\"https:\/\/or.njt.hu\/eli\/733766\/r\/2021\/4\">2020. \u00e9vi z\u00e1rsz\u00e1mad\u00e1s<\/a><\/li>\n\n\n\n<li><a href=\"https:\/\/or.njt.hu\/eli\/733766\/r\/2022\/6\">2021. \u00e9vi z\u00e1rsz\u00e1mad\u00e1s<\/a><\/li>\n\n\n\n<li><a href=\"https:\/\/or.njt.hu\/eli\/733766\/r\/2023\/11\">2022. \u00e9vi z\u00e1rsz\u00e1mad\u00e1s<\/a><\/li>\n\n\n\n<li><a href=\"https:\/\/or.njt.hu\/eli\/733766\/r\/2024\/7\">2023. \u00e9vi z\u00e1rsz\u00e1mad\u00e1s<\/a><\/li>\n\n\n\n<li><a href=\"https:\/\/or.njt.hu\/eli\/733766\/r\/2025\/4\">2024. \u00e9vi z\u00e1rsz\u00e1mad\u00e1s<\/a><\/li>\n<\/ul>\n\n\n\n<h2 class=\"wp-block-heading\">3.3 M\u0171k\u00f6d\u00e9s<\/h2>\n\n\n\n<h3 class=\"wp-block-heading\">Foglalkoztatottak<\/h3>\n\n\n\n<div class=\"wp-block-group\"><div class=\"wp-block-group__inner-container is-layout-flow wp-block-group-is-layout-flow\">\n<figure class=\"wp-block-table is-style-regular\"><table class=\"has-fixed-layout\"><tbody><tr><td>1. A k\u00f6zfeladatot ell\u00e1t\u00f3 szervn\u00e9l foglalkoztatottak l\u00e9tsz\u00e1ma \u00e9s szem\u00e9lyi juttat\u00e1saira vonatkoz\u00f3 \u00f6sszes\u00edtett adatok<\/td><td rowspan=\"3\">A dokumentum let\u00f6lt\u00e9s\u00e9hez kattintson <a href=\"\/?wpdmpro=foglalkoztatottak\" data-type=\"URL\" data-id=\"\/?wpdmpro=foglalkoztatottak\">IDE<\/a>.<\/td><\/tr><tr><td>2. A vezet\u0151k \u00e9s a vezet\u0151 tiszts\u00e9gvisel\u0151k illetm\u00e9nye, munkab\u00e9re, \u00e9s rendszeres juttat\u00e1sai, valamint k\u00f6lts\u00e9gt\u00e9r\u00edt\u00e9se \u00f6sszes\u00edtett \u00f6sszege<\/td><\/tr><tr><td>3. Az egy\u00e9b alkalmazottaknak ny\u00fajtott juttat\u00e1sok fajt\u00e1ja \u00e9s m\u00e9rt\u00e9ke \u00f6sszes\u00edtve<\/td><\/tr><\/tbody><\/table><\/figure>\n<\/div><\/div>\n\n\n\n<h3 class=\"wp-block-heading\">T\u00e1mogat\u00e1sok<\/h3>\n\n\n\n<p>Nem relev\u00e1ns.<\/p>\n\n\n\n<h3 class=\"wp-block-heading\">Szerz\u0151d\u00e9sek<\/h3>\n\n\n\n<p>A nett\u00f3 5 milli\u00f3 forintot meghalad\u00f3 szerz\u0151d\u00e9sek a <a href=\"https:\/\/kif.gov.hu\/adatszolgaltatasok\/adat\">K\u00f6zponti Inform\u00e1ci\u00f3s K\u00f6zadat-nyilv\u00e1ntart\u00e1s<\/a> oldal\u00e1n tekinthet\u0151ek meg.<\/p>\n\n\n\n<h3 class=\"wp-block-heading\">Koncesszi\u00f3k<\/h3>\n\n\n\n<p>Nem relev\u00e1ns.<\/p>\n\n\n\n<h3 class=\"wp-block-heading\">Egy\u00e9b kifizet\u00e9sek<\/h3>\n\n\n\n<p>Nem relev\u00e1ns.<\/p>\n\n\n\n<h3 class=\"wp-block-heading\">Eur\u00f3pai Uni\u00f3 \u00e1ltal t\u00e1mogatott fejleszt\u00e9sek<\/h3>\n\n\n\n<p>Nem relev\u00e1ns.<\/p>\n\n\n\n<h3 class=\"wp-block-heading\">K\u00f6zbeszerz\u00e9s<\/h3>\n\n\n\n<p>Nem relev\u00e1ns.<\/p>\n","protected":false},"excerpt":{"rendered":"<p>3.1 A m\u0171k\u00f6d\u00e9s t\u00f6rv\u00e9nyess\u00e9ge, ellen\u0151rz\u00e9sek Vizsg\u00e1latok, ellen\u0151rz\u00e9sek list\u00e1ja A lefolytatott ellen\u0151rz\u00e9sek az \u00c1llami Sz\u00e1mvev\u0151sz\u00e9k weboldal\u00e1n tal\u00e1lhat\u00f3ak meg. A m\u0171k\u00f6d\u00e9s eredm\u00e9nyess\u00e9ge, teljes\u00edtm\u00e9nye Nem relev\u00e1ns. M\u0171k\u00f6d\u00e9si statisztika 2020-as \u00e9v: 2021-es \u00e9v: 2022-es&#8230; <\/p>\n","protected":false},"author":1,"featured_media":0,"parent":0,"menu_order":0,"comment_status":"closed","ping_status":"closed","template":"","meta":{"ngg_post_thumbnail":0,"footnotes":""},"class_list":["post-233","page","type-page","status-publish","hentry"],"yoast_head":"<!-- This site is optimized with the Yoast SEO plugin v19.6.1 - https:\/\/yoast.com\/wordpress\/plugins\/seo\/ -->\n<title>III. Gazd\u00e1lkod\u00e1si adatok - Dr. Horv\u00e1th Tibor Szoci\u00e1lis K\u00f6zpont<\/title>\n<meta name=\"robots\" content=\"index, follow, max-snippet:-1, max-image-preview:large, max-video-preview:-1\" \/>\n<link rel=\"canonical\" href=\"https:\/\/bukszocialis.hu\/?page_id=233\" \/>\n<meta property=\"og:locale\" content=\"hu_HU\" \/>\n<meta property=\"og:type\" content=\"article\" \/>\n<meta property=\"og:title\" content=\"III. Gazd\u00e1lkod\u00e1si adatok - Dr. Horv\u00e1th Tibor Szoci\u00e1lis K\u00f6zpont\" \/>\n<meta property=\"og:description\" content=\"3.1 A m\u0171k\u00f6d\u00e9s t\u00f6rv\u00e9nyess\u00e9ge, ellen\u0151rz\u00e9sek Vizsg\u00e1latok, ellen\u0151rz\u00e9sek list\u00e1ja A lefolytatott ellen\u0151rz\u00e9sek az \u00c1llami Sz\u00e1mvev\u0151sz\u00e9k weboldal\u00e1n tal\u00e1lhat\u00f3ak meg. A m\u0171k\u00f6d\u00e9s eredm\u00e9nyess\u00e9ge, teljes\u00edtm\u00e9nye Nem relev\u00e1ns. M\u0171k\u00f6d\u00e9si statisztika 2020-as \u00e9v: 2021-es \u00e9v: 2022-es...\" \/>\n<meta property=\"og:url\" content=\"https:\/\/bukszocialis.hu\/?page_id=233\" \/>\n<meta property=\"og:site_name\" content=\"Dr. Horv\u00e1th Tibor Szoci\u00e1lis K\u00f6zpont\" \/>\n<meta property=\"article:modified_time\" content=\"2026-04-27T08:50:48+00:00\" \/>\n<meta name=\"twitter:card\" content=\"summary_large_image\" \/>\n<meta name=\"twitter:label1\" content=\"Becs\u00fclt olvas\u00e1si id\u0151\" \/>\n\t<meta name=\"twitter:data1\" content=\"2 perc\" \/>\n<script type=\"application\/ld+json\" class=\"yoast-schema-graph\">{\"@context\":\"https:\/\/schema.org\",\"@graph\":[{\"@type\":\"WebPage\",\"@id\":\"https:\/\/bukszocialis.hu\/?page_id=233\",\"url\":\"https:\/\/bukszocialis.hu\/?page_id=233\",\"name\":\"III. Gazd\u00e1lkod\u00e1si adatok - Dr. Horv\u00e1th Tibor Szoci\u00e1lis K\u00f6zpont\",\"isPartOf\":{\"@id\":\"https:\/\/bukszocialis.hu\/#website\"},\"datePublished\":\"2022-05-23T11:59:31+00:00\",\"dateModified\":\"2026-04-27T08:50:48+00:00\",\"breadcrumb\":{\"@id\":\"https:\/\/bukszocialis.hu\/?page_id=233#breadcrumb\"},\"inLanguage\":\"hu\",\"potentialAction\":[{\"@type\":\"ReadAction\",\"target\":[\"https:\/\/bukszocialis.hu\/?page_id=233\"]}]},{\"@type\":\"BreadcrumbList\",\"@id\":\"https:\/\/bukszocialis.hu\/?page_id=233#breadcrumb\",\"itemListElement\":[{\"@type\":\"ListItem\",\"position\":1,\"name\":\"Kezd\u0151lap\",\"item\":\"https:\/\/bukszocialis.hu\/\"},{\"@type\":\"ListItem\",\"position\":2,\"name\":\"III. Gazd\u00e1lkod\u00e1si adatok\"}]},{\"@type\":\"WebSite\",\"@id\":\"https:\/\/bukszocialis.hu\/#website\",\"url\":\"https:\/\/bukszocialis.hu\/\",\"name\":\"Dr. Horv\u00e1th Tibor Szoci\u00e1lis K\u00f6zpont\",\"description\":\"\",\"publisher\":{\"@id\":\"https:\/\/bukszocialis.hu\/#organization\"},\"potentialAction\":[{\"@type\":\"SearchAction\",\"target\":{\"@type\":\"EntryPoint\",\"urlTemplate\":\"https:\/\/bukszocialis.hu\/?s={search_term_string}\"},\"query-input\":\"required name=search_term_string\"}],\"inLanguage\":\"hu\"},{\"@type\":\"Organization\",\"@id\":\"https:\/\/bukszocialis.hu\/#organization\",\"name\":\"Dr. Horv\u00e1th Tibor Szoci\u00e1lis K\u00f6zpont\",\"url\":\"https:\/\/bukszocialis.hu\/\",\"sameAs\":[],\"logo\":{\"@type\":\"ImageObject\",\"inLanguage\":\"hu\",\"@id\":\"https:\/\/bukszocialis.hu\/#\/schema\/logo\/image\/\",\"url\":\"https:\/\/bukszocialis.hu\/wp-content\/uploads\/2022\/06\/cropped-Horvath-Tibor-Szoc_kozp-Color01-kek-03_uj.png\",\"contentUrl\":\"https:\/\/bukszocialis.hu\/wp-content\/uploads\/2022\/06\/cropped-Horvath-Tibor-Szoc_kozp-Color01-kek-03_uj.png\",\"width\":1164,\"height\":436,\"caption\":\"Dr. Horv\u00e1th Tibor Szoci\u00e1lis K\u00f6zpont\"},\"image\":{\"@id\":\"https:\/\/bukszocialis.hu\/#\/schema\/logo\/image\/\"}}]}<\/script>\n<!-- \/ Yoast SEO plugin. -->","yoast_head_json":{"title":"III. Gazd\u00e1lkod\u00e1si adatok - Dr. Horv\u00e1th Tibor Szoci\u00e1lis K\u00f6zpont","robots":{"index":"index","follow":"follow","max-snippet":"max-snippet:-1","max-image-preview":"max-image-preview:large","max-video-preview":"max-video-preview:-1"},"canonical":"https:\/\/bukszocialis.hu\/?page_id=233","og_locale":"hu_HU","og_type":"article","og_title":"III. Gazd\u00e1lkod\u00e1si adatok - Dr. Horv\u00e1th Tibor Szoci\u00e1lis K\u00f6zpont","og_description":"3.1 A m\u0171k\u00f6d\u00e9s t\u00f6rv\u00e9nyess\u00e9ge, ellen\u0151rz\u00e9sek Vizsg\u00e1latok, ellen\u0151rz\u00e9sek list\u00e1ja A lefolytatott ellen\u0151rz\u00e9sek az \u00c1llami Sz\u00e1mvev\u0151sz\u00e9k weboldal\u00e1n tal\u00e1lhat\u00f3ak meg. A m\u0171k\u00f6d\u00e9s eredm\u00e9nyess\u00e9ge, teljes\u00edtm\u00e9nye Nem relev\u00e1ns. M\u0171k\u00f6d\u00e9si statisztika 2020-as \u00e9v: 2021-es \u00e9v: 2022-es...","og_url":"https:\/\/bukszocialis.hu\/?page_id=233","og_site_name":"Dr. Horv\u00e1th Tibor Szoci\u00e1lis K\u00f6zpont","article_modified_time":"2026-04-27T08:50:48+00:00","twitter_card":"summary_large_image","twitter_misc":{"Becs\u00fclt olvas\u00e1si id\u0151":"2 perc"},"schema":{"@context":"https:\/\/schema.org","@graph":[{"@type":"WebPage","@id":"https:\/\/bukszocialis.hu\/?page_id=233","url":"https:\/\/bukszocialis.hu\/?page_id=233","name":"III. Gazd\u00e1lkod\u00e1si adatok - Dr. Horv\u00e1th Tibor Szoci\u00e1lis K\u00f6zpont","isPartOf":{"@id":"https:\/\/bukszocialis.hu\/#website"},"datePublished":"2022-05-23T11:59:31+00:00","dateModified":"2026-04-27T08:50:48+00:00","breadcrumb":{"@id":"https:\/\/bukszocialis.hu\/?page_id=233#breadcrumb"},"inLanguage":"hu","potentialAction":[{"@type":"ReadAction","target":["https:\/\/bukszocialis.hu\/?page_id=233"]}]},{"@type":"BreadcrumbList","@id":"https:\/\/bukszocialis.hu\/?page_id=233#breadcrumb","itemListElement":[{"@type":"ListItem","position":1,"name":"Kezd\u0151lap","item":"https:\/\/bukszocialis.hu\/"},{"@type":"ListItem","position":2,"name":"III. Gazd\u00e1lkod\u00e1si adatok"}]},{"@type":"WebSite","@id":"https:\/\/bukszocialis.hu\/#website","url":"https:\/\/bukszocialis.hu\/","name":"Dr. Horv\u00e1th Tibor Szoci\u00e1lis K\u00f6zpont","description":"","publisher":{"@id":"https:\/\/bukszocialis.hu\/#organization"},"potentialAction":[{"@type":"SearchAction","target":{"@type":"EntryPoint","urlTemplate":"https:\/\/bukszocialis.hu\/?s={search_term_string}"},"query-input":"required name=search_term_string"}],"inLanguage":"hu"},{"@type":"Organization","@id":"https:\/\/bukszocialis.hu\/#organization","name":"Dr. Horv\u00e1th Tibor Szoci\u00e1lis K\u00f6zpont","url":"https:\/\/bukszocialis.hu\/","sameAs":[],"logo":{"@type":"ImageObject","inLanguage":"hu","@id":"https:\/\/bukszocialis.hu\/#\/schema\/logo\/image\/","url":"https:\/\/bukszocialis.hu\/wp-content\/uploads\/2022\/06\/cropped-Horvath-Tibor-Szoc_kozp-Color01-kek-03_uj.png","contentUrl":"https:\/\/bukszocialis.hu\/wp-content\/uploads\/2022\/06\/cropped-Horvath-Tibor-Szoc_kozp-Color01-kek-03_uj.png","width":1164,"height":436,"caption":"Dr. Horv\u00e1th Tibor Szoci\u00e1lis K\u00f6zpont"},"image":{"@id":"https:\/\/bukszocialis.hu\/#\/schema\/logo\/image\/"}}]}},"_links":{"self":[{"href":"https:\/\/bukszocialis.hu\/index.php?rest_route=\/wp\/v2\/pages\/233","targetHints":{"allow":["GET"]}}],"collection":[{"href":"https:\/\/bukszocialis.hu\/index.php?rest_route=\/wp\/v2\/pages"}],"about":[{"href":"https:\/\/bukszocialis.hu\/index.php?rest_route=\/wp\/v2\/types\/page"}],"author":[{"embeddable":true,"href":"https:\/\/bukszocialis.hu\/index.php?rest_route=\/wp\/v2\/users\/1"}],"replies":[{"embeddable":true,"href":"https:\/\/bukszocialis.hu\/index.php?rest_route=%2Fwp%2Fv2%2Fcomments&post=233"}],"version-history":[{"count":33,"href":"https:\/\/bukszocialis.hu\/index.php?rest_route=\/wp\/v2\/pages\/233\/revisions"}],"predecessor-version":[{"id":1196,"href":"https:\/\/bukszocialis.hu\/index.php?rest_route=\/wp\/v2\/pages\/233\/revisions\/1196"}],"wp:attachment":[{"href":"https:\/\/bukszocialis.hu\/index.php?rest_route=%2Fwp%2Fv2%2Fmedia&parent=233"}],"curies":[{"name":"wp","href":"https:\/\/api.w.org\/{rel}","templated":true}]}}