{"id":230,"date":"2022-05-23T12:59:31","date_gmt":"2022-05-23T11:59:31","guid":{"rendered":"https:\/\/bukszoc.hsro.hu\/?page_id=230"},"modified":"2025-08-27T14:55:05","modified_gmt":"2025-08-27T13:55:05","slug":"szervezeti-szemelyzeti-adatok","status":"publish","type":"page","link":"https:\/\/bukszocialis.hu\/?page_id=230","title":{"rendered":"I. Szervezeti, szem\u00e9lyzeti adatok"},"content":{"rendered":"\n<h2 class=\"wp-block-heading\">1. Kapcsolat, szervezet, vezet\u0151k<\/h2>\n\n\n\n<h3 class=\"wp-block-heading\">El\u00e9rhet\u0151s\u00e9gi adatok<\/h3>\n\n\n\n<figure class=\"wp-block-table is-style-regular\"><table class=\"has-fixed-layout\"><tbody><tr><td>Hivatalos n\u00e9v<\/td><td class=\"has-text-align-left\" data-align=\"left\">Dr. Horv\u00e1th Tibor Szoci\u00e1lis K\u00f6zpont<\/td><\/tr><tr><td>Sz\u00e9khely<\/td><td class=\"has-text-align-left\" data-align=\"left\">9737 B\u00fck, Baross G. u. 11.<\/td><\/tr><tr><td>Postac\u00edm<\/td><td class=\"has-text-align-left\" data-align=\"left\">9737 B\u00fck, Baross G. u. 11.<\/td><\/tr><tr><td>Ad\u00f3sz\u00e1m<\/td><td class=\"has-text-align-left\" data-align=\"left\">16864481-2-18<\/td><\/tr><tr><td>Telefonsz\u00e1m<\/td><td class=\"has-text-align-left\" data-align=\"left\">94\/558-370 | 94\/558-371<\/td><\/tr><tr><td>Faxsz\u00e1m<\/td><td class=\"has-text-align-left\" data-align=\"left\">&#8211;<\/td><\/tr><tr><td>KRID k\u00f3d<\/td><td class=\"has-text-align-left\" data-align=\"left\">442875350<\/td><\/tr><tr><td>K\u00f6zponti elektronikus lev\u00e9lc\u00edm<\/td><td class=\"has-text-align-left\" data-align=\"left\">bukszockozpont@gmail.com<\/td><\/tr><tr><td>Honlap URL -je<\/td><td class=\"has-text-align-left\" data-align=\"left\">www.bukszocialis.hu<\/td><\/tr><tr><td>\u00dcgyf\u00e9lszolg\u00e1lat vagy k\u00f6z\u00f6ns\u00e9gkapcsolat el\u00e9rhet\u0151s\u00e9ge<\/td><td class=\"has-text-align-left\" data-align=\"left\">&#8211;<\/td><\/tr><tr><td>Az \u00fcgyf\u00e9lszolg\u00e1lati vagy k\u00f6z\u00f6ns\u00e9gkapcsolati vezet\u0151 neve<\/td><td class=\"has-text-align-left\" data-align=\"left\">&#8211;<\/td><\/tr><tr><td>Az \u00fcgyf\u00e9lfogad\u00e1s rendje<\/td><td class=\"has-text-align-left\" data-align=\"left\">H-Cs: 8.00-16.00; P: 8.00-13:30; Sz-V: z\u00e1rva<\/td><\/tr><\/tbody><\/table><\/figure>\n\n\n\n<h3 class=\"wp-block-heading\">Szervezeti strukt\u00fara<\/h3>\n\n\n\n<p>A szervezeti strukt\u00fara <a rel=\"noreferrer noopener\" href=\"https:\/\/bukszocialis.hu\/?wpdmpro=szervezeti-es-mukodesi-szabalyzat\" data-type=\"URL\" data-id=\"https:\/\/bukszocialis.hu\/?wpdmpro=szervezeti-es-mukodesi-szabalyzat\" target=\"_blank\"><strong>IDE<\/strong><\/a> kattintva, az SZMSZ -ben tal\u00e1lhat\u00f3 meg.<\/p>\n\n\n\n<h3 class=\"wp-block-heading\">Szerv vezet\u0151i<\/h3>\n\n\n\n<figure class=\"wp-block-table is-style-regular\"><table class=\"has-fixed-layout\"><tbody><tr><td>A szerv vezet\u0151j\u00e9nek el\u00e9rhet\u0151s\u00e9ge (telefon, telefax, postac\u00edm, elektronikus lev\u00e9lc\u00edm)<\/td><td>94\/558-370; gyongyiredecsi@index.hu<\/td><\/tr><tr><td>A szervezeti egys\u00e9gek vezet\u0151inek neve, beoszt\u00e1sa, el\u00e9rhet\u0151s\u00e9ge (telefon, telefax, postac\u00edm, elektronikus lev\u00e9lc\u00edm)<\/td><td>R\u00e9decsin\u00e9 Gacs Gy\u00f6ngyi<\/td><\/tr><\/tbody><\/table><\/figure>\n\n\n\n<h2 class=\"wp-block-heading\">2. A fel\u00fcgyelt k\u00f6lts\u00e9gvet\u00e9si szervek<\/h2>\n\n\n\n<h3 class=\"wp-block-heading\">A szerv ir\u00e1ny\u00edt\u00e1sa, fel\u00fcgyelete vagy ellen\u0151rz\u00e9se alatt \u00e1ll\u00f3, vagy al\u00e1rendelts\u00e9g\u00e9ben m\u0171k\u00f6d\u0151 m\u00e1s k\u00f6zfeladatot ell\u00e1t\u00f3 szerv<\/h3>\n\n\n\n<p>Nem relev\u00e1ns.<\/p>\n\n\n\n<h2 class=\"wp-block-heading\">3. Gazd\u00e1lkod\u00f3 szervezetek<\/h2>\n\n\n\n<h3 class=\"wp-block-heading\">A szerv tulajdon\u00e1ban \u00e1ll\u00f3 vagy r\u00e9szv\u00e9tel\u00e9vel m\u0171k\u00f6d\u0151 gazd\u00e1lkod\u00f3 szervezetek<\/h3>\n\n\n\n<p>Nem relev\u00e1ns.<\/p>\n\n\n\n<h2 class=\"wp-block-heading\">4. K\u00f6zalap\u00edtv\u00e1nyok<\/h2>\n\n\n\n<h3 class=\"wp-block-heading\">A szerv \u00e1ltal alap\u00edtott k\u00f6zalap\u00edtv\u00e1nyok<\/h3>\n\n\n\n<p>Nem relev\u00e1ns.<\/p>\n\n\n\n<h2 class=\"wp-block-heading\">5. Lapok<\/h2>\n\n\n\n<p>Nem relev\u00e1ns.<\/p>\n\n\n\n<h2 class=\"wp-block-heading\">6. Felettes, fel\u00fcgyeleti, t\u00f6rv\u00e9nyess\u00e9gi ellen\u0151rz\u00e9st vagy fel\u00fcgyeletet gyakorl\u00f3 szerv<\/h2>\n\n\n\n<figure class=\"wp-block-table is-style-regular\"><table class=\"has-fixed-layout\"><tbody><tr><td>Hivatalos n\u00e9v<\/td><td class=\"has-text-align-left\" data-align=\"left\">B\u00fcki K\u00f6z\u00f6s \u00d6nkorm\u00e1nyzati Hivatal<\/td><\/tr><tr><td>Sz\u00e9khely<\/td><td class=\"has-text-align-left\" data-align=\"left\">9737 B\u00fck, Sz\u00e9chenyi u. 44.<\/td><\/tr><tr><td>Telefonsz\u00e1m<\/td><td class=\"has-text-align-left\" data-align=\"left\">94\/558-040<\/td><\/tr><tr><td>K\u00f6zponti elektronikus lev\u00e9lc\u00edm<\/td><td class=\"has-text-align-left\" data-align=\"left\">buk@t-online.hu<\/td><\/tr><tr><td>Honlap URL -je<\/td><td class=\"has-text-align-left\" data-align=\"left\">www.buk.hu<\/td><\/tr><\/tbody><\/table><\/figure>\n\n\n\n<h2 class=\"wp-block-heading\">7. K\u00f6lts\u00e9gvet\u00e9si szervek<\/h2>\n\n\n\n<p>Nem relev\u00e1ns.<\/p>\n","protected":false},"excerpt":{"rendered":"<p>1. Kapcsolat, szervezet, vezet\u0151k El\u00e9rhet\u0151s\u00e9gi adatok Hivatalos n\u00e9v Dr. Horv\u00e1th Tibor Szoci\u00e1lis K\u00f6zpont Sz\u00e9khely 9737 B\u00fck, Baross G. u. 11. Postac\u00edm 9737 B\u00fck, Baross G. u. 11. Ad\u00f3sz\u00e1m 16864481-2-18 Telefonsz\u00e1m&#8230; <\/p>\n","protected":false},"author":1,"featured_media":0,"parent":0,"menu_order":0,"comment_status":"closed","ping_status":"closed","template":"","meta":{"ngg_post_thumbnail":0,"footnotes":""},"class_list":["post-230","page","type-page","status-publish","hentry"],"yoast_head":"<!-- This site is optimized with the Yoast SEO plugin v19.6.1 - https:\/\/yoast.com\/wordpress\/plugins\/seo\/ -->\n<title>I. Szervezeti, szem\u00e9lyzeti adatok - Dr. Horv\u00e1th Tibor Szoci\u00e1lis K\u00f6zpont<\/title>\n<meta name=\"robots\" content=\"index, follow, max-snippet:-1, max-image-preview:large, max-video-preview:-1\" \/>\n<link rel=\"canonical\" href=\"https:\/\/bukszocialis.hu\/?page_id=230\" \/>\n<meta property=\"og:locale\" content=\"hu_HU\" \/>\n<meta property=\"og:type\" content=\"article\" \/>\n<meta property=\"og:title\" content=\"I. Szervezeti, szem\u00e9lyzeti adatok - Dr. Horv\u00e1th Tibor Szoci\u00e1lis K\u00f6zpont\" \/>\n<meta property=\"og:description\" content=\"1. Kapcsolat, szervezet, vezet\u0151k El\u00e9rhet\u0151s\u00e9gi adatok Hivatalos n\u00e9v Dr. Horv\u00e1th Tibor Szoci\u00e1lis K\u00f6zpont Sz\u00e9khely 9737 B\u00fck, Baross G. u. 11. Postac\u00edm 9737 B\u00fck, Baross G. u. 11. Ad\u00f3sz\u00e1m 16864481-2-18 Telefonsz\u00e1m...\" \/>\n<meta property=\"og:url\" content=\"https:\/\/bukszocialis.hu\/?page_id=230\" \/>\n<meta property=\"og:site_name\" content=\"Dr. Horv\u00e1th Tibor Szoci\u00e1lis K\u00f6zpont\" \/>\n<meta property=\"article:modified_time\" content=\"2025-08-27T13:55:05+00:00\" \/>\n<meta name=\"twitter:card\" content=\"summary_large_image\" \/>\n<meta name=\"twitter:label1\" content=\"Becs\u00fclt olvas\u00e1si id\u0151\" \/>\n\t<meta name=\"twitter:data1\" content=\"2 perc\" \/>\n<script type=\"application\/ld+json\" class=\"yoast-schema-graph\">{\"@context\":\"https:\/\/schema.org\",\"@graph\":[{\"@type\":\"WebPage\",\"@id\":\"https:\/\/bukszocialis.hu\/?page_id=230\",\"url\":\"https:\/\/bukszocialis.hu\/?page_id=230\",\"name\":\"I. Szervezeti, szem\u00e9lyzeti adatok - Dr. Horv\u00e1th Tibor Szoci\u00e1lis K\u00f6zpont\",\"isPartOf\":{\"@id\":\"https:\/\/bukszocialis.hu\/#website\"},\"datePublished\":\"2022-05-23T11:59:31+00:00\",\"dateModified\":\"2025-08-27T13:55:05+00:00\",\"breadcrumb\":{\"@id\":\"https:\/\/bukszocialis.hu\/?page_id=230#breadcrumb\"},\"inLanguage\":\"hu\",\"potentialAction\":[{\"@type\":\"ReadAction\",\"target\":[\"https:\/\/bukszocialis.hu\/?page_id=230\"]}]},{\"@type\":\"BreadcrumbList\",\"@id\":\"https:\/\/bukszocialis.hu\/?page_id=230#breadcrumb\",\"itemListElement\":[{\"@type\":\"ListItem\",\"position\":1,\"name\":\"Kezd\u0151lap\",\"item\":\"https:\/\/bukszocialis.hu\/\"},{\"@type\":\"ListItem\",\"position\":2,\"name\":\"I. Szervezeti, szem\u00e9lyzeti adatok\"}]},{\"@type\":\"WebSite\",\"@id\":\"https:\/\/bukszocialis.hu\/#website\",\"url\":\"https:\/\/bukszocialis.hu\/\",\"name\":\"Dr. Horv\u00e1th Tibor Szoci\u00e1lis K\u00f6zpont\",\"description\":\"\",\"publisher\":{\"@id\":\"https:\/\/bukszocialis.hu\/#organization\"},\"potentialAction\":[{\"@type\":\"SearchAction\",\"target\":{\"@type\":\"EntryPoint\",\"urlTemplate\":\"https:\/\/bukszocialis.hu\/?s={search_term_string}\"},\"query-input\":\"required name=search_term_string\"}],\"inLanguage\":\"hu\"},{\"@type\":\"Organization\",\"@id\":\"https:\/\/bukszocialis.hu\/#organization\",\"name\":\"Dr. Horv\u00e1th Tibor Szoci\u00e1lis K\u00f6zpont\",\"url\":\"https:\/\/bukszocialis.hu\/\",\"sameAs\":[],\"logo\":{\"@type\":\"ImageObject\",\"inLanguage\":\"hu\",\"@id\":\"https:\/\/bukszocialis.hu\/#\/schema\/logo\/image\/\",\"url\":\"https:\/\/bukszocialis.hu\/wp-content\/uploads\/2022\/06\/cropped-Horvath-Tibor-Szoc_kozp-Color01-kek-03_uj.png\",\"contentUrl\":\"https:\/\/bukszocialis.hu\/wp-content\/uploads\/2022\/06\/cropped-Horvath-Tibor-Szoc_kozp-Color01-kek-03_uj.png\",\"width\":1164,\"height\":436,\"caption\":\"Dr. Horv\u00e1th Tibor Szoci\u00e1lis K\u00f6zpont\"},\"image\":{\"@id\":\"https:\/\/bukszocialis.hu\/#\/schema\/logo\/image\/\"}}]}<\/script>\n<!-- \/ Yoast SEO plugin. -->","yoast_head_json":{"title":"I. Szervezeti, szem\u00e9lyzeti adatok - Dr. Horv\u00e1th Tibor Szoci\u00e1lis K\u00f6zpont","robots":{"index":"index","follow":"follow","max-snippet":"max-snippet:-1","max-image-preview":"max-image-preview:large","max-video-preview":"max-video-preview:-1"},"canonical":"https:\/\/bukszocialis.hu\/?page_id=230","og_locale":"hu_HU","og_type":"article","og_title":"I. Szervezeti, szem\u00e9lyzeti adatok - Dr. Horv\u00e1th Tibor Szoci\u00e1lis K\u00f6zpont","og_description":"1. Kapcsolat, szervezet, vezet\u0151k El\u00e9rhet\u0151s\u00e9gi adatok Hivatalos n\u00e9v Dr. Horv\u00e1th Tibor Szoci\u00e1lis K\u00f6zpont Sz\u00e9khely 9737 B\u00fck, Baross G. u. 11. Postac\u00edm 9737 B\u00fck, Baross G. u. 11. Ad\u00f3sz\u00e1m 16864481-2-18 Telefonsz\u00e1m...","og_url":"https:\/\/bukszocialis.hu\/?page_id=230","og_site_name":"Dr. Horv\u00e1th Tibor Szoci\u00e1lis K\u00f6zpont","article_modified_time":"2025-08-27T13:55:05+00:00","twitter_card":"summary_large_image","twitter_misc":{"Becs\u00fclt olvas\u00e1si id\u0151":"2 perc"},"schema":{"@context":"https:\/\/schema.org","@graph":[{"@type":"WebPage","@id":"https:\/\/bukszocialis.hu\/?page_id=230","url":"https:\/\/bukszocialis.hu\/?page_id=230","name":"I. Szervezeti, szem\u00e9lyzeti adatok - Dr. Horv\u00e1th Tibor Szoci\u00e1lis K\u00f6zpont","isPartOf":{"@id":"https:\/\/bukszocialis.hu\/#website"},"datePublished":"2022-05-23T11:59:31+00:00","dateModified":"2025-08-27T13:55:05+00:00","breadcrumb":{"@id":"https:\/\/bukszocialis.hu\/?page_id=230#breadcrumb"},"inLanguage":"hu","potentialAction":[{"@type":"ReadAction","target":["https:\/\/bukszocialis.hu\/?page_id=230"]}]},{"@type":"BreadcrumbList","@id":"https:\/\/bukszocialis.hu\/?page_id=230#breadcrumb","itemListElement":[{"@type":"ListItem","position":1,"name":"Kezd\u0151lap","item":"https:\/\/bukszocialis.hu\/"},{"@type":"ListItem","position":2,"name":"I. Szervezeti, szem\u00e9lyzeti adatok"}]},{"@type":"WebSite","@id":"https:\/\/bukszocialis.hu\/#website","url":"https:\/\/bukszocialis.hu\/","name":"Dr. Horv\u00e1th Tibor Szoci\u00e1lis K\u00f6zpont","description":"","publisher":{"@id":"https:\/\/bukszocialis.hu\/#organization"},"potentialAction":[{"@type":"SearchAction","target":{"@type":"EntryPoint","urlTemplate":"https:\/\/bukszocialis.hu\/?s={search_term_string}"},"query-input":"required name=search_term_string"}],"inLanguage":"hu"},{"@type":"Organization","@id":"https:\/\/bukszocialis.hu\/#organization","name":"Dr. Horv\u00e1th Tibor Szoci\u00e1lis K\u00f6zpont","url":"https:\/\/bukszocialis.hu\/","sameAs":[],"logo":{"@type":"ImageObject","inLanguage":"hu","@id":"https:\/\/bukszocialis.hu\/#\/schema\/logo\/image\/","url":"https:\/\/bukszocialis.hu\/wp-content\/uploads\/2022\/06\/cropped-Horvath-Tibor-Szoc_kozp-Color01-kek-03_uj.png","contentUrl":"https:\/\/bukszocialis.hu\/wp-content\/uploads\/2022\/06\/cropped-Horvath-Tibor-Szoc_kozp-Color01-kek-03_uj.png","width":1164,"height":436,"caption":"Dr. Horv\u00e1th Tibor Szoci\u00e1lis K\u00f6zpont"},"image":{"@id":"https:\/\/bukszocialis.hu\/#\/schema\/logo\/image\/"}}]}},"_links":{"self":[{"href":"https:\/\/bukszocialis.hu\/index.php?rest_route=\/wp\/v2\/pages\/230","targetHints":{"allow":["GET"]}}],"collection":[{"href":"https:\/\/bukszocialis.hu\/index.php?rest_route=\/wp\/v2\/pages"}],"about":[{"href":"https:\/\/bukszocialis.hu\/index.php?rest_route=\/wp\/v2\/types\/page"}],"author":[{"embeddable":true,"href":"https:\/\/bukszocialis.hu\/index.php?rest_route=\/wp\/v2\/users\/1"}],"replies":[{"embeddable":true,"href":"https:\/\/bukszocialis.hu\/index.php?rest_route=%2Fwp%2Fv2%2Fcomments&post=230"}],"version-history":[{"count":29,"href":"https:\/\/bukszocialis.hu\/index.php?rest_route=\/wp\/v2\/pages\/230\/revisions"}],"predecessor-version":[{"id":1167,"href":"https:\/\/bukszocialis.hu\/index.php?rest_route=\/wp\/v2\/pages\/230\/revisions\/1167"}],"wp:attachment":[{"href":"https:\/\/bukszocialis.hu\/index.php?rest_route=%2Fwp%2Fv2%2Fmedia&parent=230"}],"curies":[{"name":"wp","href":"https:\/\/api.w.org\/{rel}","templated":true}]}}